{"id":1130,"date":"2025-04-23T13:28:27","date_gmt":"2025-04-23T11:28:27","guid":{"rendered":"https:\/\/www.editionsastarte.com\/?post_type=product&#038;p=1130"},"modified":"2026-03-15T19:08:01","modified_gmt":"2026-03-15T18:08:01","slug":"le-cul-de-la-femme-2","status":"publish","type":"product","link":"https:\/\/www.editionsastarte.com\/en\/produit\/le-cul-de-la-femme-2\/","title":{"rendered":"Le Cul de la femme"},"content":{"rendered":"<p>Pierre LOU\u0178S.<\/p>\n<p>Le Cul de la femme, l\u2019Album \u00e9rotique 1892-1914. \u00c9dition bilingue, illustr\u00e9e de 152 photographies. La Manufacture de livres, 2018. Un volume cartonn\u00e9 de 160 pages, 24 x 17 cm.<\/p>\n<p>1892, Pierre Lou\u00ffs, alors jeune po\u00e8te, entreprend de collectionner des photographies \u00e9rotiques et pornographiques. M\u00e9ticuleux, il juge indispensable de mettre en fiches tout ce qui concerne la sexualit\u00e9 et il se consacre \u00e0 la partie de l\u2019anatomie f\u00e9minine qui le fascine le plus. Lou\u00ffs choisit un album \u00e0 la reliure assez ordinaire. De sa plume il calligraphie les descriptions des poses, ordonne, d\u00e9coupe, colle et n\u2019oublie pas de signer son \u0153uvre. Parall\u00e8lement, \u00e0 partir de 1906, il compl\u00e8te cette collection de photos par des \u00e9crits rassembl\u00e9s sous le titre\u00a0<em>Manuel de Gomorrhe<\/em>. Pour la premi\u00e8re fois, l\u2019album \u00e9rotique de Pierre Lou\u00ffs est publi\u00e9 dans une \u00e9dition qui met en regard photographies et \u00e9crits que le po\u00e8te consacra \u00e0 son obsession pour \u00ab\u00a0le cul de la femme\u00a0\u00bb.<\/p>\n","protected":false},"excerpt":{"rendered":"<p>Pierre LOU\u0178S. Le Cul de la femme, l\u2019Album \u00e9rotique 1892-1914. \u00c9dition bilingue, illustr\u00e9e de 152 photographies. La Manufacture de livres, 2018. Un volume cartonn\u00e9 de 160 pages, 24 x 17 cm. 1892, Pierre Lou\u00ffs, alors jeune po\u00e8te, entreprend de collectionner des photographies \u00e9rotiques et pornographiques. M\u00e9ticuleux, il juge indispensable de mettre en fiches tout ce [&#8230;]\n","protected":false},"featured_media":1125,"template":"","meta":[],"product_brand":[],"product_cat":[24],"product_tag":[],"class_list":{"0":"post-1130","1":"product","2":"type-product","3":"status-publish","4":"has-post-thumbnail","6":"product_cat-nos-coups-de-coeur","8":"first","9":"instock","10":"shipping-taxable","11":"purchasable","12":"product-type-simple"},"_links":{"self":[{"href":"https:\/\/www.editionsastarte.com\/en\/wp-json\/wp\/v2\/product\/1130","targetHints":{"allow":["GET"]}}],"collection":[{"href":"https:\/\/www.editionsastarte.com\/en\/wp-json\/wp\/v2\/product"}],"about":[{"href":"https:\/\/www.editionsastarte.com\/en\/wp-json\/wp\/v2\/types\/product"}],"wp:featuredmedia":[{"embeddable":true,"href":"https:\/\/www.editionsastarte.com\/en\/wp-json\/wp\/v2\/media\/1125"}],"wp:attachment":[{"href":"https:\/\/www.editionsastarte.com\/en\/wp-json\/wp\/v2\/media?parent=1130"}],"wp:term":[{"taxonomy":"product_brand","embeddable":true,"href":"https:\/\/www.editionsastarte.com\/en\/wp-json\/wp\/v2\/product_brand?post=1130"},{"taxonomy":"product_cat","embeddable":true,"href":"https:\/\/www.editionsastarte.com\/en\/wp-json\/wp\/v2\/product_cat?post=1130"},{"taxonomy":"product_tag","embeddable":true,"href":"https:\/\/www.editionsastarte.com\/en\/wp-json\/wp\/v2\/product_tag?post=1130"}],"curies":[{"name":"wp","href":"https:\/\/api.w.org\/{rel}","templated":true}]}}